{"id":25,"date":"2023-05-23T07:39:25","date_gmt":"2023-05-23T05:39:25","guid":{"rendered":"https:\/\/xn--bckerei-kreher-5hb.de\/neue%20webseite\/?page_id=25"},"modified":"2025-09-01T10:20:50","modified_gmt":"2025-09-01T08:20:50","slug":"home","status":"publish","type":"page","link":"https:\/\/b\u00e4ckerei-kreher.de\/","title":{"rendered":"Home"},"content":{"rendered":"<!-- wp:themify-builder\/canvas \/-->","protected":false},"excerpt":{"rendered":"","protected":false},"author":1,"featured_media":0,"parent":0,"menu_order":0,"comment_status":"closed","ping_status":"closed","template":"","meta":{"footnotes":""},"class_list":["post-25","page","type-page","status-publish","hentry","has-post-title","has-post-date","has-post-category","has-post-tag","has-post-comment","has-post-author",""],"builder_content":"<img src=\"https:\/\/b\u00e4ckerei-kreher.de\/wp-content\/uploads\/2023\/05\/Herzbrot-Comp-6-1.jpg\" title=\"Herzbrot Comp 6\" alt=\"Herzbrot Comp 6\" srcset=\"https:\/\/b\u00e4ckerei-kreher.de\/wp-content\/uploads\/2023\/05\/Herzbrot-Comp-6-1.jpg 1056w, https:\/\/b\u00e4ckerei-kreher.de\/wp-content\/uploads\/2023\/05\/Herzbrot-Comp-6-1-300x208.jpg 300w, https:\/\/b\u00e4ckerei-kreher.de\/wp-content\/uploads\/2023\/05\/Herzbrot-Comp-6-1-1024x711.jpg 1024w, https:\/\/b\u00e4ckerei-kreher.de\/wp-content\/uploads\/2023\/05\/Herzbrot-Comp-6-1-768x533.jpg 768w\" sizes=\"(max-width: 1056px) 100vw, 1056px\" \/>\n<p style=\"text-align: center;\"><strong>Mein Herz<\/strong> schl\u00e4gt f\u00fcr das traditionelle B\u00e4ckerhandwerk, daher lege ich viel Wert auf handwerkliches Arbeiten. Ich m\u00f6chte junge Menschen f\u00fcr meinen Beruf begeistern und bilde seit Beginn meiner Selbstst\u00e4ndigkeit Lehrlinge aus \u2013 mit Erfolg: Unter meinen Auszubildenden waren bereits Innungssieger, Kammersieger der Handwerkskammer Rhein-Main und sogar ein 3. Platz bei den Deutschen Meisterschaften der B\u00e4cker-Jugend.<\/p>\n<h2 style=\"text-align: center;\">Unsere \u00d6ffnungszeiten<\/h2>\n<h4 style=\"text-align: center;\">Dienstag bis Freitag<br \/>6.00 Uhr bis 13.00 Uhr<\/h4> <h4 style=\"text-align: center;\">Samstag <br \/>7.00 Uhr bis 10.30 Uhr<\/h4> <h4 style=\"text-align: center;\">Sonntag - Ruhetag<br \/>Montag - Ruhetag<br \/><br \/>Telefon: +49 6071 \/ 34181<\/h4>\n<p style=\"text-align: center;\">Meilensteine<\/p>\n<h3 style=\"text-align: center;\">1981<\/h3> <p style=\"text-align: center;\">Beginn meiner Lehrzeit im B\u00e4ckerhandwerk.<\/p>\n<h3 style=\"text-align: center;\">1991<\/h3> <p style=\"text-align: center;\">Meisterpr\u00fcfung vor der Handwerkskammer Rhein-Main.<\/p>\n<h3 style=\"text-align: center;\">1996<\/h3> <p style=\"text-align: center;\">Neugr\u00fcndung einer B\u00e4ckerei in M\u00fcnster.<\/p>\n<h3 style=\"text-align: center;\">2007<\/h3> <p style=\"text-align: center;\">Umzug des Betriebs nach Eppertshausen.<\/p>\n<h3 style=\"text-align: center;\">Seit 1985<\/h3> <p style=\"text-align: center;\">Aktiv in der B\u00e4cker-Innung t\u00e4tig, in verschiedenen F\u00fchrungspositionen.<\/p>\n<h3 style=\"text-align: center;\">2015<\/h3> <p style=\"text-align: center;\">Teilnahme an der Sendung \"Deutschlands bester B\u00e4cker\"<br>Sehen Sie selbst wie Johann Lafer unsere Leistung beurteilt hat.<\/p>\n<h3 style=\"text-align: center;\">2017<\/h3> <p style=\"text-align: center;\">Auszeichnung mit dem BakerMaker-Award der Allgemeinen Deutschen B\u00e4ckerzeitung (ABZ) <br>in der Kategorie Kleinbetrieb bis 50 Mitarbeiter und damit W\u00fcrdigung meines jahrelangen unerm\u00fcdlichen Einsatzes f\u00fcr Nachwuchswerbung und Ausbildung.<\/p>\n<a href=\"https:\/\/www.youtube.com\/watch?v=paGdOjioKTw\"> <img src=\"https:\/\/b\u00e4ckerei-kreher.de\/wp-content\/uploads\/2023\/05\/YT-overlay-1.jpg\" title=\"YT-overlay-1\" alt=\"&quot;Deutschlands bester B\u00e4cker&quot;\" srcset=\"https:\/\/b\u00e4ckerei-kreher.de\/wp-content\/uploads\/2023\/05\/YT-overlay-1.jpg 576w, https:\/\/b\u00e4ckerei-kreher.de\/wp-content\/uploads\/2023\/05\/YT-overlay-1-300x169.jpg 300w\" sizes=\"(max-width: 576px) 100vw, 576px\" \/> <\/a> \"Deutschlands bester B\u00e4cker\"\n<a href=\"https:\/\/www.youtube.com\/watch?v=rIFBjcWvTOY\"> <img src=\"https:\/\/b\u00e4ckerei-kreher.de\/wp-content\/uploads\/2023\/05\/YT-overlay-2.jpg\" title=\"YT-overlay-2\" alt=\"Gewinner BakerMaker Award 2017\" srcset=\"https:\/\/b\u00e4ckerei-kreher.de\/wp-content\/uploads\/2023\/05\/YT-overlay-2.jpg 576w, https:\/\/b\u00e4ckerei-kreher.de\/wp-content\/uploads\/2023\/05\/YT-overlay-2-300x169.jpg 300w\" sizes=\"(max-width: 576px) 100vw, 576px\" \/> <\/a> Gewinner BakerMaker Award 2017\n<p style=\"text-align: center;\">Wir backen das!<\/p>\n<h2 style=\"text-align: center;\">Unser Warenangebot<\/h2> <p style=\"text-align: center;\"><strong>Wir bieten t\u00e4glich<\/strong><br>\u2022 frische verschiedene Brot- und Br\u00f6tchensorten<br>\u2022 feine Backwaren (Teilchen), Kuchen und Torten<br>\u2022 Dauergeb\u00e4ck, Snackgeb\u00e4ck<br>\u2022 belegte Br\u00f6tchen und Brote<\/p>\n<h2 style=\"text-align: center;\">Brote<\/h2>\n<img src=\"https:\/\/b\u00e4ckerei-kreher.de\/wp-content\/uploads\/2023\/05\/Bauernbrot-300x300.jpg\" width=\"300\" height=\"300\" title=\"Bauernbrot\" alt=\"Roggenmischbrot aus 80 % Roggenmehl und 20 % Weizenmehl, mit Natursauerteig\" srcset=\"https:\/\/b\u00e4ckerei-kreher.de\/wp-content\/uploads\/2023\/05\/Bauernbrot-300x300.jpg 300w, https:\/\/b\u00e4ckerei-kreher.de\/wp-content\/uploads\/2023\/05\/Bauernbrot-150x150.jpg 150w, https:\/\/b\u00e4ckerei-kreher.de\/wp-content\/uploads\/2023\/05\/Bauernbrot-40x40.jpg 40w, https:\/\/b\u00e4ckerei-kreher.de\/wp-content\/uploads\/2023\/05\/Bauernbrot.jpg 600w\" sizes=\"(max-width: 300px) 100vw, 300px\" \/> <h3> Bauernbrot <\/h3> Roggenmischbrot aus 80 % Roggenmehl und 20 % Weizenmehl, mit Natursauerteig\n<img src=\"https:\/\/b\u00e4ckerei-kreher.de\/wp-content\/uploads\/2023\/06\/Buergerbrot-300x300.jpg\" width=\"300\" height=\"300\" title=\"B\u00fcrger-Brot\" alt=\"aus 100 % Roggenmehl\" srcset=\"https:\/\/b\u00e4ckerei-kreher.de\/wp-content\/uploads\/2023\/06\/Buergerbrot-300x300.jpg 300w, https:\/\/b\u00e4ckerei-kreher.de\/wp-content\/uploads\/2023\/06\/Buergerbrot-150x150.jpg 150w, https:\/\/b\u00e4ckerei-kreher.de\/wp-content\/uploads\/2023\/06\/Buergerbrot.jpg 402w\" sizes=\"(max-width: 300px) 100vw, 300px\" \/> <h3> B\u00fcrger-Brot <\/h3> aus 100 % Roggenmehl\n<img src=\"https:\/\/b\u00e4ckerei-kreher.de\/wp-content\/uploads\/2023\/05\/Bikerbrot-300x300.jpg\" width=\"300\" height=\"300\" title=\"Bikerbrot\" alt=\"Weizenmischbrot mit Sonnenblumenkernen, Roggenflocken, Gerstenmalzmehl, Sesam\" srcset=\"https:\/\/b\u00e4ckerei-kreher.de\/wp-content\/uploads\/2023\/05\/Bikerbrot-300x300.jpg 300w, https:\/\/b\u00e4ckerei-kreher.de\/wp-content\/uploads\/2023\/05\/Bikerbrot-150x150.jpg 150w, https:\/\/b\u00e4ckerei-kreher.de\/wp-content\/uploads\/2023\/05\/Bikerbrot.jpg 600w\" sizes=\"(max-width: 300px) 100vw, 300px\" \/> <h3> Bikerbrot <\/h3> Weizenmischbrot mit Sonnenblumenkernen, Roggenflocken, Gerstenmalzmehl, Sesam\n<img src=\"https:\/\/b\u00e4ckerei-kreher.de\/wp-content\/uploads\/2023\/05\/Bavariakruste-300x300.jpg\" width=\"300\" height=\"300\" title=\"Bavariakruste\" alt=\"Roggenmischbrot aus 55 % Roggenmehl und 45 % Dinkelmehl\" srcset=\"https:\/\/b\u00e4ckerei-kreher.de\/wp-content\/uploads\/2023\/05\/Bavariakruste-300x300.jpg 300w, https:\/\/b\u00e4ckerei-kreher.de\/wp-content\/uploads\/2023\/05\/Bavariakruste-150x150.jpg 150w, https:\/\/b\u00e4ckerei-kreher.de\/wp-content\/uploads\/2023\/05\/Bavariakruste.jpg 600w\" sizes=\"(max-width: 300px) 100vw, 300px\" \/> <h3> Bavariakruste <\/h3> Roggenmischbrot aus 55 % Roggenmehl und 45 % Dinkelmehl\n<img src=\"https:\/\/b\u00e4ckerei-kreher.de\/wp-content\/uploads\/2023\/06\/Oma-Kaethe-300x300.jpg\" width=\"300\" height=\"300\" title=\"Oma K\u00e4the\" alt=\"Dinkel-Buchweizenbrot mit Sonnenblumenkernen -Nur Dienstags-\" srcset=\"https:\/\/b\u00e4ckerei-kreher.de\/wp-content\/uploads\/2023\/06\/Oma-Kaethe-300x300.jpg 300w, https:\/\/b\u00e4ckerei-kreher.de\/wp-content\/uploads\/2023\/06\/Oma-Kaethe-150x150.jpg 150w, https:\/\/b\u00e4ckerei-kreher.de\/wp-content\/uploads\/2023\/06\/Oma-Kaethe.jpg 420w\" sizes=\"(max-width: 300px) 100vw, 300px\" \/> <h3> Oma K\u00e4the <\/h3> Dinkel-Buchweizenbrot mit Sonnenblumenkernen -Nur Dienstags-\n<img src=\"https:\/\/b\u00e4ckerei-kreher.de\/wp-content\/uploads\/2023\/06\/Schwaebli-e1687775987767-300x300.jpg\" width=\"300\" height=\"300\" title=\"Schw\u00e4bli\" alt=\"Dinkelvollkornbrot mittwochs und freitags im Sortiment\"> <h3> Schw\u00e4bli <\/h3> Dinkelvollkornbrot mittwochs und freitags im Sortiment\n<h2 style=\"text-align: center;\" align=\"left\"><b>Br\u00f6tchensorten<\/b><\/h2>\n<img src=\"https:\/\/b\u00e4ckerei-kreher.de\/wp-content\/uploads\/2023\/06\/Roggenbroetchen-300x300.jpg\" width=\"300\" height=\"300\" title=\"Roggenbr\u00f6tchen\" alt=\"Roggenbr\u00f6tchen\" srcset=\"https:\/\/b\u00e4ckerei-kreher.de\/wp-content\/uploads\/2023\/06\/Roggenbroetchen-300x300.jpg 300w, https:\/\/b\u00e4ckerei-kreher.de\/wp-content\/uploads\/2023\/06\/Roggenbroetchen-150x150.jpg 150w, https:\/\/b\u00e4ckerei-kreher.de\/wp-content\/uploads\/2023\/06\/Roggenbroetchen.jpg 600w\" sizes=\"(max-width: 300px) 100vw, 300px\" \/> <h3> Roggenbr\u00f6tchen <\/h3>\n<img src=\"https:\/\/b\u00e4ckerei-kreher.de\/wp-content\/uploads\/2023\/06\/Knusperstangen-300x300.jpg\" width=\"300\" height=\"300\" title=\"Knusperstangen\" alt=\"Knusperstangen\" srcset=\"https:\/\/b\u00e4ckerei-kreher.de\/wp-content\/uploads\/2023\/06\/Knusperstangen-300x300.jpg 300w, https:\/\/b\u00e4ckerei-kreher.de\/wp-content\/uploads\/2023\/06\/Knusperstangen-150x150.jpg 150w, https:\/\/b\u00e4ckerei-kreher.de\/wp-content\/uploads\/2023\/06\/Knusperstangen.jpg 480w\" sizes=\"(max-width: 300px) 100vw, 300px\" \/> <h3> Knusperstangen <\/h3>\n<img src=\"https:\/\/b\u00e4ckerei-kreher.de\/wp-content\/uploads\/2023\/06\/Julchen-300x300.jpg\" width=\"300\" height=\"300\" title=\"Julchen\" alt=\"Dinkel-Mais-Br\u00f6tchen\" srcset=\"https:\/\/b\u00e4ckerei-kreher.de\/wp-content\/uploads\/2023\/06\/Julchen-300x300.jpg 300w, https:\/\/b\u00e4ckerei-kreher.de\/wp-content\/uploads\/2023\/06\/Julchen-150x150.jpg 150w, https:\/\/b\u00e4ckerei-kreher.de\/wp-content\/uploads\/2023\/06\/Julchen.jpg 600w\" sizes=\"(max-width: 300px) 100vw, 300px\" \/> <h3> Julchen <\/h3> Dinkel-Mais-Br\u00f6tchen\n<img src=\"https:\/\/b\u00e4ckerei-kreher.de\/wp-content\/uploads\/2023\/07\/Belegte-Broetchen-300x300.jpg\" width=\"300\" height=\"300\" title=\"Rollmops- und Lachsweck\" alt=\"Rollmops- und Lachsweck\" srcset=\"https:\/\/b\u00e4ckerei-kreher.de\/wp-content\/uploads\/2023\/07\/Belegte-Broetchen-300x300.jpg 300w, https:\/\/b\u00e4ckerei-kreher.de\/wp-content\/uploads\/2023\/07\/Belegte-Broetchen-150x150.jpg 150w, https:\/\/b\u00e4ckerei-kreher.de\/wp-content\/uploads\/2023\/07\/Belegte-Broetchen.jpg 500w\" sizes=\"(max-width: 300px) 100vw, 300px\" \/> <h3> Rollmops- und Lachsweck <\/h3>\n<img src=\"https:\/\/b\u00e4ckerei-kreher.de\/wp-content\/uploads\/2023\/06\/Dinkelvollkorn-300x300.jpg\" width=\"300\" height=\"300\" title=\"Dinkelvollkorn\" alt=\"Dinkelvollkorn\" srcset=\"https:\/\/b\u00e4ckerei-kreher.de\/wp-content\/uploads\/2023\/06\/Dinkelvollkorn-300x300.jpg 300w, https:\/\/b\u00e4ckerei-kreher.de\/wp-content\/uploads\/2023\/06\/Dinkelvollkorn-150x150.jpg 150w, https:\/\/b\u00e4ckerei-kreher.de\/wp-content\/uploads\/2023\/06\/Dinkelvollkorn.jpg 360w\" sizes=\"(max-width: 300px) 100vw, 300px\" \/> <h3> Dinkelvollkorn <\/h3>\n<img src=\"https:\/\/b\u00e4ckerei-kreher.de\/wp-content\/uploads\/2023\/07\/Belegte-Broetchen-3-300x300.jpg\" width=\"300\" height=\"300\" title=\"Belegte Br\u00f6tchen auf Bestellung\" alt=\"Belegte Br\u00f6tchen auf Bestellung\" srcset=\"https:\/\/b\u00e4ckerei-kreher.de\/wp-content\/uploads\/2023\/07\/Belegte-Broetchen-3-300x300.jpg 300w, https:\/\/b\u00e4ckerei-kreher.de\/wp-content\/uploads\/2023\/07\/Belegte-Broetchen-3-150x150.jpg 150w, https:\/\/b\u00e4ckerei-kreher.de\/wp-content\/uploads\/2023\/07\/Belegte-Broetchen-3.jpg 500w\" sizes=\"(max-width: 300px) 100vw, 300px\" \/> <h3> Belegte Br\u00f6tchen auf Bestellung <\/h3>\n<img src=\"https:\/\/b\u00e4ckerei-kreher.de\/wp-content\/uploads\/2023\/06\/Laugengebaeck-300x300.jpg\" width=\"300\" height=\"300\" title=\"Laugengeb\u00e4ck\" alt=\"Laugengeb\u00e4ck\" srcset=\"https:\/\/b\u00e4ckerei-kreher.de\/wp-content\/uploads\/2023\/06\/Laugengebaeck-300x300.jpg 300w, https:\/\/b\u00e4ckerei-kreher.de\/wp-content\/uploads\/2023\/06\/Laugengebaeck-150x150.jpg 150w, https:\/\/b\u00e4ckerei-kreher.de\/wp-content\/uploads\/2023\/06\/Laugengebaeck.jpg 600w\" sizes=\"(max-width: 300px) 100vw, 300px\" \/> <h3> Laugengeb\u00e4ck <\/h3>\n<h2 style=\"text-align: center;\" align=\"left\"><b>Kaffeest\u00fcckchen und Kuchen<br><\/b><\/h2>\n<img src=\"https:\/\/b\u00e4ckerei-kreher.de\/wp-content\/uploads\/2023\/06\/Amerikaner-300x300.jpg\" width=\"300\" height=\"300\" title=\"Amerikaner\" alt=\"Amerikaner\" srcset=\"https:\/\/b\u00e4ckerei-kreher.de\/wp-content\/uploads\/2023\/06\/Amerikaner-300x300.jpg 300w, https:\/\/b\u00e4ckerei-kreher.de\/wp-content\/uploads\/2023\/06\/Amerikaner-150x150.jpg 150w, https:\/\/b\u00e4ckerei-kreher.de\/wp-content\/uploads\/2023\/06\/Amerikaner.jpg 600w\" sizes=\"(max-width: 300px) 100vw, 300px\" \/> <h3> Amerikaner <\/h3>\n<img src=\"https:\/\/b\u00e4ckerei-kreher.de\/wp-content\/uploads\/2023\/07\/Kreppel-300x300.jpg\" width=\"300\" height=\"300\" title=\"Kreppel\" alt=\"Kreppel\" srcset=\"https:\/\/b\u00e4ckerei-kreher.de\/wp-content\/uploads\/2023\/07\/Kreppel-300x300.jpg 300w, https:\/\/b\u00e4ckerei-kreher.de\/wp-content\/uploads\/2023\/07\/Kreppel-150x150.jpg 150w, https:\/\/b\u00e4ckerei-kreher.de\/wp-content\/uploads\/2023\/07\/Kreppel.jpg 500w\" sizes=\"(max-width: 300px) 100vw, 300px\" \/> <h3> Kreppel <\/h3>\n<img src=\"https:\/\/b\u00e4ckerei-kreher.de\/wp-content\/uploads\/2023\/06\/Donuts-300x300.jpg\" width=\"300\" height=\"300\" title=\"Donuts\" alt=\"Donuts\" srcset=\"https:\/\/b\u00e4ckerei-kreher.de\/wp-content\/uploads\/2023\/06\/Donuts-300x300.jpg 300w, https:\/\/b\u00e4ckerei-kreher.de\/wp-content\/uploads\/2023\/06\/Donuts-150x150.jpg 150w, https:\/\/b\u00e4ckerei-kreher.de\/wp-content\/uploads\/2023\/06\/Donuts.jpg 600w\" sizes=\"(max-width: 300px) 100vw, 300px\" \/> <h3> Donuts <\/h3>\n<img src=\"https:\/\/b\u00e4ckerei-kreher.de\/wp-content\/uploads\/2023\/06\/Obstteilchen-300x300.jpg\" width=\"300\" height=\"300\" title=\"Obstteilchen\" alt=\"Obstteilchen\" srcset=\"https:\/\/b\u00e4ckerei-kreher.de\/wp-content\/uploads\/2023\/06\/Obstteilchen-300x300.jpg 300w, https:\/\/b\u00e4ckerei-kreher.de\/wp-content\/uploads\/2023\/06\/Obstteilchen-150x150.jpg 150w, https:\/\/b\u00e4ckerei-kreher.de\/wp-content\/uploads\/2023\/06\/Obstteilchen.jpg 480w\" sizes=\"(max-width: 300px) 100vw, 300px\" \/> <h3> Obstteilchen <\/h3>\n<img src=\"https:\/\/b\u00e4ckerei-kreher.de\/wp-content\/uploads\/2023\/06\/Schokocroissant-300x300.jpg\" width=\"300\" height=\"300\" title=\"Schokocroissants\" alt=\"Schokocroissants\" srcset=\"https:\/\/b\u00e4ckerei-kreher.de\/wp-content\/uploads\/2023\/06\/Schokocroissant-300x300.jpg 300w, https:\/\/b\u00e4ckerei-kreher.de\/wp-content\/uploads\/2023\/06\/Schokocroissant-150x150.jpg 150w, https:\/\/b\u00e4ckerei-kreher.de\/wp-content\/uploads\/2023\/06\/Schokocroissant.jpg 480w\" sizes=\"(max-width: 300px) 100vw, 300px\" \/> <h3> Schokocroissants <\/h3>\n<img src=\"https:\/\/b\u00e4ckerei-kreher.de\/wp-content\/uploads\/2023\/05\/Fruehstueck-neu-2.jpg\" title=\"Fruehstueck neu 2\" alt=\"Fruehstueck neu 2\" srcset=\"https:\/\/b\u00e4ckerei-kreher.de\/wp-content\/uploads\/2023\/05\/Fruehstueck-neu-2.jpg 1800w, https:\/\/b\u00e4ckerei-kreher.de\/wp-content\/uploads\/2023\/05\/Fruehstueck-neu-2-300x101.jpg 300w, https:\/\/b\u00e4ckerei-kreher.de\/wp-content\/uploads\/2023\/05\/Fruehstueck-neu-2-1024x345.jpg 1024w, https:\/\/b\u00e4ckerei-kreher.de\/wp-content\/uploads\/2023\/05\/Fruehstueck-neu-2-768x259.jpg 768w, https:\/\/b\u00e4ckerei-kreher.de\/wp-content\/uploads\/2023\/05\/Fruehstueck-neu-2-1536x518.jpg 1536w\" sizes=\"(max-width: 1800px) 100vw, 1800px\" \/>\n<h2 style=\"text-align: center;\">Fr\u00fchst\u00fccksangebot<br><\/h2> <p style=\"text-align: center;\">Laugen-Ecke und Br\u00f6tchen (verschiedene Sorten) belegt mit:<br>\u2022 Putenbrust oder Putenbrust und Gouda<br>\u2022 Salami oder Salami und Gouda<br>\u2022 Camembert oder Gouda<br>\u2022 Mozzarella und Tomaten<br><br>Laugengeb\u00e4ck\u00a0mit K\u00e4se \u00fcberbacken<br>Laugengeb\u00e4ck mit Schinkenspeck und K\u00e4se \u00fcberbacken<br>Knusperstange<br>Lachs- und Rollmopsbr\u00f6tchen (immer freitags)<\/p>","_links":{"self":[{"href":"https:\/\/b\u00e4ckerei-kreher.de\/index.php?rest_route=\/wp\/v2\/pages\/25","targetHints":{"allow":["GET"]}}],"collection":[{"href":"https:\/\/b\u00e4ckerei-kreher.de\/index.php?rest_route=\/wp\/v2\/pages"}],"about":[{"href":"https:\/\/b\u00e4ckerei-kreher.de\/index.php?rest_route=\/wp\/v2\/types\/page"}],"author":[{"embeddable":true,"href":"https:\/\/b\u00e4ckerei-kreher.de\/index.php?rest_route=\/wp\/v2\/users\/1"}],"replies":[{"embeddable":true,"href":"https:\/\/b\u00e4ckerei-kreher.de\/index.php?rest_route=%2Fwp%2Fv2%2Fcomments&post=25"}],"version-history":[{"count":95,"href":"https:\/\/b\u00e4ckerei-kreher.de\/index.php?rest_route=\/wp\/v2\/pages\/25\/revisions"}],"predecessor-version":[{"id":563,"href":"https:\/\/b\u00e4ckerei-kreher.de\/index.php?rest_route=\/wp\/v2\/pages\/25\/revisions\/563"}],"wp:attachment":[{"href":"https:\/\/b\u00e4ckerei-kreher.de\/index.php?rest_route=%2Fwp%2Fv2%2Fmedia&parent=25"}],"curies":[{"name":"wp","href":"https:\/\/api.w.org\/{rel}","templated":true}]}}